{"id":1766,"date":"2022-04-08T11:31:40","date_gmt":"2022-04-08T15:31:40","guid":{"rendered":"https:\/\/groupeevie.com\/?page_id=1766"},"modified":"2023-08-15T10:23:43","modified_gmt":"2023-08-15T14:23:43","slug":"notre-histoire","status":"publish","type":"page","link":"https:\/\/groupeevie.com\/fr-fr\/groupe-evie\/notre-histoire\/","title":{"rendered":"Notre histoire"},"content":{"rendered":"\n<div class=\"wp-block-group has-beige-light-background-color has-background content-block advgb-dyn-7b05e0b5\"><div class=\"wp-block-group__inner-container is-layout-flow wp-block-group-is-layout-flow\">\n<h2 class=\"wp-block-heading\">Fondation de l\u2019entreprise<\/h2>\n\n\n\n<p>Fond\u00e9 en 2000 avec le d\u00e9sir profond d\u2019accompagner diff\u00e9remment les publics, le Groupe \u00c9vie a d\u2019abord \u00e9t\u00e9 sollicit\u00e9 pour offrir des services psycho\u00e9ducatifs \u00e0 des personnes ayant subi un traumatisme cranioc\u00e9r\u00e9bral. Il a ensuite rapidement \u00e9largi son offre aux publics vivant une d\u00e9pression majeure ou de la douleur chronique \u00e0 la suite d\u2019un traumatisme, avant de se perfectionner dans l\u2019intervention aupr\u00e8s des personnes pr\u00e9sentant des sympt\u00f4mes associ\u00e9s \u00e0 un \u00e9tat de stress post-traumatique. &nbsp;<\/p>\n\n\n\n<p>Avec les ann\u00e9es, ce sont non seulement les publics desservis qui se sont diversifi\u00e9s, mais \u00e9galement la provenance des r\u00e9f\u00e9rences. \u00c0 l\u2019origine, le Groupe \u00c9vie r\u00e9pondait essentiellement aux demandes provenant de la <a href=\"https:\/\/saaq.gouv.qc.ca\/\" target=\"_blank\" rel=\"noreferrer noopener\">Soci\u00e9t\u00e9 de l\u2019assurance automobile du Qu\u00e9bec<\/a> (SAAQ). Gr\u00e2ce \u00e0 son<strong> Approche d\u2019accompagnement de proximit\u00e9 d\u2019inspiration psycho\u00e9ducative<\/strong>, qui permettait de cr\u00e9er des possibilit\u00e9s d\u2019intervention l\u00e0 o\u00f9 d\u2019autres approches s\u2019\u00e9taient but\u00e9es \u00e0 des obstacles, le Groupe \u00c9vie s\u2019est vu confier de plus en plus de mandats d\u2019intervention complexes par des assureurs parapublics vari\u00e9s :<a href=\"https:\/\/www.ivac.qc.ca\/Pages\/default.aspx\" target=\"_blank\" rel=\"noreferrer noopener\"> Indemnisation des victimes d\u2019actes criminels<\/a> (IVAC), <a href=\"https:\/\/www.cnesst.gouv.qc.ca\/fr?__cf_chl_tk=xqsZZ7x3_fDmR5A_QCVLmZjVSgJ61e43ymhS1odFK14-1668441512-0-gaNycGzNCaU\" target=\"_blank\" rel=\"noreferrer noopener\">Commission des normes, de l\u2019\u00e9quit\u00e9, de la sant\u00e9 et de la s\u00e9curit\u00e9 au travail<\/a> (CNESST) et <a href=\"https:\/\/www.veterans.gc.ca\/fra\" target=\"_blank\" rel=\"noreferrer noopener\">Anciens Combattants Canada<\/a>. Depuis la pand\u00e9mie, le Groupe \u00c9vie intervient \u00e9galement dans diverses institutions publiques et priv\u00e9es du secteur de la sant\u00e9 dans le but de venir en aide aux employ\u00e9s. Enfin, il est mandat\u00e9 par des milieux de travail pour intervenir lorsqu\u2019un \u00e9v\u00e9nement traumatique est v\u00e9cu, et ce, dans le but de d\u00e9samorcer rapidement les situations de crise.<\/p>\n\n\n\n<p>Gr\u00e2ce \u00e0 l\u2019engagement de pr\u00e8s de 50&nbsp;psycho\u00e9ducateurs, l\u2019entreprise compte maintenant 10&nbsp;points de service \u00e0 travers le Qu\u00e9bec, faisant du Groupe \u00c9vie la plus grande entreprise lib\u00e9rale en psycho\u00e9ducation du Qu\u00e9bec.<\/p>\n<\/div><\/div>\n\n\n\n<div class=\"wp-block-group content-block advgb-dyn-307692e8\"><div class=\"wp-block-group__inner-container is-layout-flow wp-block-group-is-layout-flow\">\n<h3 class=\"wp-block-heading\">\u00c9largissement de l\u2019offre de services au d\u00e9veloppement professionnel<\/h3>\n\n\n\n<p>Gr\u00e2ce aux partenariats et \u00e0 l\u2019expertise qu\u2019il a d\u00e9velopp\u00e9s et \u00e0 ses exp\u00e9riences sur le terrain, le Groupe \u00c9vie a \u00e9t\u00e9 contact\u00e9 pour r\u00e9aliser des conf\u00e9rences et des formations destin\u00e9es \u00e0 des professionnels du Qu\u00e9bec. Il a notamment form\u00e9 des professionnels sur des concepts cl\u00e9s de son Approche d\u2019accompagnement de proximit\u00e9 d\u2019inspiration psycho\u00e9ducation<sup>MC<\/sup>&nbsp;(actualisation du potentiel de la personne, valeur ajout\u00e9e de l\u2019intervention de proximit\u00e9 pour les personnes en situation de handicap et documentation collaborative, entre autres). Il a \u00e9galement \u00e9t\u00e9 mandat\u00e9 pour former des professionnels relativement \u00e0 des probl\u00e9matiques sp\u00e9cifiques (p. ex. \u00e9tat de stress post-traumatique, stress, r\u00e9activation des personnes ayant des sympt\u00f4mes d\u00e9pressifs, traumatisme cranioc\u00e9r\u00e9bral l\u00e9ger) ou \u00e0 d\u2019autres modalit\u00e9s d\u2019intervention (p. ex. animation de groupe).<\/p>\n\n\n\n<p>En 2018, les activit\u00e9s de d\u00e9veloppement professionnel du Groupe \u00c9vie s\u2019organisent plus officiellement au sein de l\u2019entreprise alors qu\u2019elle conclut une entente avec la <a href=\"https:\/\/www.mutualite.fr\/\" target=\"_blank\" rel=\"noreferrer noopener\">F\u00e9d\u00e9ration nationale de la Mutualit\u00e9 Fran\u00e7aise<\/a>. Co-financ\u00e9 par la <a href=\"https:\/\/www.cnsa.fr\/\" target=\"_blank\" rel=\"noreferrer noopener\">Caisse nationale de solidarit\u00e9 pour l\u2019autonomie <\/a>(CNSA), en partenariat avec <a href=\"https:\/\/pdl.vyv3.fr\/\" target=\"_blank\" rel=\"noreferrer noopener\">VYV<sup>3<\/sup> Pays de la Loire<\/a>, la Mutualit\u00e9 Fonction Publique Action Sant\u00e9 Social (MFPASS), <a href=\"https:\/\/www.aesio.fr\/\" target=\"_blank\" rel=\"noreferrer noopener\">\u00c9OVIE <\/a>(maintenant A\u00e9sio Mutuelle) et la <a href=\"https:\/\/mutualite-71.fr\/\" target=\"_blank\" rel=\"noreferrer noopener\">Mutualit\u00e9 Fran\u00e7aise Sa\u00f4ne-et-Loire<\/a>, le Groupe \u00c9vie participe \u00e0 une action exp\u00e9rimentale pour transformer les postures professionnelles gr\u00e2ce \u00e0 l\u2019<strong>Approche d\u2019accompagnement de proximit\u00e9 d\u2019inspiration psycho\u00e9ducative<\/strong><sup>MC<\/sup>. \u00c9valu\u00e9es par l\u2019<a href=\"https:\/\/www.solidarites-actives.com\/\" target=\"_blank\" rel=\"noreferrer noopener\">Agence nouvelle des solidarit\u00e9s actives<\/a>, les retomb\u00e9es positives de ce projet-pilote confirment que le Groupe \u00c9vie d\u00e9tient une expertise pertinente pour soutenir la transformation de l\u2019offre, non seulement par son approche, mais aussi par sa p\u00e9dagogie unique. Afin de poursuivre ses actions de formation malgr\u00e9 le contexte pand\u00e9mique limitant les d\u00e9placements \u00e0 l\u2019international, le Groupe \u00c9vie se dote en 2021 d\u2019un environnement num\u00e9rique d\u2019apprentissage coh\u00e9rent avec le type d\u2019accompagnement p\u00e9dagogique qu\u2019il souhaite offrir.<\/p>\n\n\n\n<p>\u00c0 ce jour, ce sont pr\u00e8s de <strong>200&nbsp;professionnels et gestionnaires de la francophonie <\/strong>qui ont joint la communaut\u00e9 form\u00e9e \u00e0 l\u2019Approche d\u2019accompagnement de proximit\u00e9 d\u2019inspiration psycho\u00e9ducative<sup>MC<\/sup>.<\/p>\n<\/div><\/div>\n\n\n\n<div class=\"wp-block-group block-cta has-background content-block advgb-dyn-f6c2f6d1\" style=\"background-color:#fef7ef\"><div class=\"wp-block-group__inner-container is-layout-flow wp-block-group-is-layout-flow\">\n<h2 class=\"has-text-align-center wp-block-heading\">Le Groupe \u00c9vie, au c\u0153ur de la solution!<\/h2>\n\n\n\n<div class=\"wp-block-columns is-layout-flex wp-container-core-columns-is-layout-9d6595d7 wp-block-columns-is-layout-flex\">\n<div class=\"wp-block-column has-white-background-color has-background is-layout-flow wp-block-column-is-layout-flow\">\n<h3 class=\"has-text-align-center wp-block-heading\"><strong>Un parcours de formation <\/strong><br>aux contenus pragmatiques permettant de r\u00e9pondre aux enjeux de transformation de l\u2019offre dans le champ de l\u2019accompagnement sanitaire et m\u00e9dico-social.<\/h3>\n\n\n\n<div class=\"wp-block-buttons is-content-justification-center is-layout-flex wp-container-core-buttons-is-layout-16018d1d wp-block-buttons-is-layout-flex\">\n<div class=\"wp-block-button advgb-dyn-9f6695a3\"><a class=\"wp-block-button__link wp-element-button\">En savoir plus<\/a><\/div>\n<\/div>\n<\/div>\n\n\n\n<div class=\"wp-block-column has-white-background-color has-background is-layout-flow wp-block-column-is-layout-flow\">\n<h3 class=\"has-text-align-center wp-block-heading\"><strong>Une approche p\u00e9dagogique<\/strong><br>favorisant v\u00e9ritablement le d\u00e9veloppement des comp\u00e9tences n\u00e9cessaires au changement de posture professionnelle.<\/h3>\n\n\n\n<div class=\"wp-block-buttons is-content-justification-center is-layout-flex wp-container-core-buttons-is-layout-16018d1d wp-block-buttons-is-layout-flex\">\n<div class=\"wp-block-button advgb-dyn-9f6695a3\"><a class=\"wp-block-button__link wp-element-button\">En savoir plus<\/a><\/div>\n<\/div>\n<\/div>\n<\/div>\n<\/div><\/div>\n","protected":false},"excerpt":{"rendered":"<p>Fondation de l\u2019entreprise Fond\u00e9 en 2000 avec le d\u00e9sir profond d\u2019accompagner diff\u00e9remment les publics, le Groupe \u00c9vie a d\u2019abord \u00e9t\u00e9 sollicit\u00e9 pour offrir des services psycho\u00e9ducatifs \u00e0 des personnes ayant [&hellip;]<\/p>\n","protected":false},"author":3,"featured_media":0,"parent":1715,"menu_order":0,"comment_status":"closed","ping_status":"closed","template":"page-histoire.php","meta":{"_acf_changed":false,"inline_featured_image":false,"advgb_blocks_editor_width":"","advgb_blocks_columns_visual_guide":"","_price":"","_stock":"","_tribe_ticket_header":"","_tribe_default_ticket_provider":"","_tribe_ticket_capacity":"0","_ticket_start_date":"","_ticket_end_date":"","_tribe_ticket_show_description":"","_tribe_ticket_show_not_going":false,"_tribe_ticket_use_global_stock":"","_tribe_ticket_global_stock_level":"","_global_stock_mode":"","_global_stock_cap":"","_tribe_rsvp_for_event":"","_tribe_ticket_going_count":"","_tribe_ticket_not_going_count":"","_tribe_tickets_list":"[]","_tribe_ticket_has_attendee_info_fields":false,"footnotes":"","_tec_slr_enabled":"","_tec_slr_layout":""},"class_list":["post-1766","page","type-page","status-publish","hentry"],"acf":[],"yoast_head":"<!-- This site is optimized with the Yoast SEO plugin v27.2 - https:\/\/yoast.com\/product\/yoast-seo-wordpress\/ -->\n<title>Groupe \u00c9vie | Une histoire de passion, de psycho\u00e9ducation<\/title>\n<meta name=\"description\" content=\"Fond\u00e9 en 2000, leader en psycho\u00e9ducation. Services vari\u00e9s, approche unique. D\u00e9veloppement professionnel pour professionnels du Qu\u00e9bec.\" \/>\n<meta name=\"robots\" content=\"index, follow, max-snippet:-1, max-image-preview:large, max-video-preview:-1\" \/>\n<link rel=\"canonical\" href=\"https:\/\/groupeevie.com\/fr-fr\/groupe-evie\/notre-histoire\/\" \/>\n<meta property=\"og:locale\" content=\"fr_FR\" \/>\n<meta property=\"og:type\" content=\"article\" \/>\n<meta property=\"og:title\" content=\"Groupe \u00c9vie | Une histoire de passion, de psycho\u00e9ducation\" \/>\n<meta property=\"og:description\" content=\"Fond\u00e9 en 2000, leader en psycho\u00e9ducation. Services vari\u00e9s, approche unique. D\u00e9veloppement professionnel pour professionnels du Qu\u00e9bec.\" \/>\n<meta property=\"og:url\" content=\"https:\/\/groupeevie.com\/fr-fr\/groupe-evie\/notre-histoire\/\" \/>\n<meta property=\"og:site_name\" content=\"Groupe \u00c9vie\" \/>\n<meta property=\"article:modified_time\" content=\"2023-08-15T14:23:43+00:00\" \/>\n<meta name=\"twitter:card\" content=\"summary_large_image\" \/>\n<meta name=\"twitter:label1\" content=\"Dur\u00e9e de lecture estim\u00e9e\" \/>\n\t<meta name=\"twitter:data1\" content=\"4 minutes\" \/>\n<script type=\"application\/ld+json\" class=\"yoast-schema-graph\">{\"@context\":\"https:\/\/schema.org\",\"@graph\":[{\"@type\":\"WebPage\",\"@id\":\"https:\/\/groupeevie.com\/fr-fr\/groupe-evie\/notre-histoire\/\",\"url\":\"https:\/\/groupeevie.com\/fr-fr\/groupe-evie\/notre-histoire\/\",\"name\":\"Groupe \u00c9vie | Une histoire de passion, de psycho\u00e9ducation\",\"isPartOf\":{\"@id\":\"https:\/\/groupeevie.com\/fr-fr\/#website\"},\"datePublished\":\"2022-04-08T15:31:40+00:00\",\"dateModified\":\"2023-08-15T14:23:43+00:00\",\"description\":\"Fond\u00e9 en 2000, leader en psycho\u00e9ducation. Services vari\u00e9s, approche unique. D\u00e9veloppement professionnel pour professionnels du Qu\u00e9bec.\",\"breadcrumb\":{\"@id\":\"https:\/\/groupeevie.com\/fr-fr\/groupe-evie\/notre-histoire\/#breadcrumb\"},\"inLanguage\":\"fr-FR\",\"potentialAction\":[{\"@type\":\"ReadAction\",\"target\":[\"https:\/\/groupeevie.com\/fr-fr\/groupe-evie\/notre-histoire\/\"]}]},{\"@type\":\"BreadcrumbList\",\"@id\":\"https:\/\/groupeevie.com\/fr-fr\/groupe-evie\/notre-histoire\/#breadcrumb\",\"itemListElement\":[{\"@type\":\"ListItem\",\"position\":1,\"name\":\"Groupe \u00c9vie\",\"item\":\"https:\/\/groupeevie.com\/fr-fr\/\"},{\"@type\":\"ListItem\",\"position\":2,\"name\":\"Notre histoire\"}]},{\"@type\":\"WebSite\",\"@id\":\"https:\/\/groupeevie.com\/fr-fr\/#website\",\"url\":\"https:\/\/groupeevie.com\/fr-fr\/\",\"name\":\"Groupe \u00c9vie\",\"description\":\"Au coeur de la sant\u00e9 mentale\",\"publisher\":{\"@id\":\"https:\/\/groupeevie.com\/fr-fr\/#organization\"},\"potentialAction\":[{\"@type\":\"SearchAction\",\"target\":{\"@type\":\"EntryPoint\",\"urlTemplate\":\"https:\/\/groupeevie.com\/fr-fr\/?s={search_term_string}\"},\"query-input\":{\"@type\":\"PropertyValueSpecification\",\"valueRequired\":true,\"valueName\":\"search_term_string\"}}],\"inLanguage\":\"fr-FR\"},{\"@type\":\"Organization\",\"@id\":\"https:\/\/groupeevie.com\/fr-fr\/#organization\",\"name\":\"Groupe \u00c9vie\",\"url\":\"https:\/\/groupeevie.com\/fr-fr\/\",\"logo\":{\"@type\":\"ImageObject\",\"inLanguage\":\"fr-FR\",\"@id\":\"https:\/\/groupeevie.com\/fr-fr\/#\/schema\/logo\/image\/\",\"url\":\"https:\/\/groupeevie.com\/wp-content\/uploads\/2022\/05\/EVIE-logo_rvb-2.png\",\"contentUrl\":\"https:\/\/groupeevie.com\/wp-content\/uploads\/2022\/05\/EVIE-logo_rvb-2.png\",\"width\":1414,\"height\":611,\"caption\":\"Groupe \u00c9vie\"},\"image\":{\"@id\":\"https:\/\/groupeevie.com\/fr-fr\/#\/schema\/logo\/image\/\"}}]}<\/script>\n<!-- \/ Yoast SEO plugin. -->","yoast_head_json":{"title":"Groupe \u00c9vie | Une histoire de passion, de psycho\u00e9ducation","description":"Fond\u00e9 en 2000, leader en psycho\u00e9ducation. Services vari\u00e9s, approche unique. D\u00e9veloppement professionnel pour professionnels du Qu\u00e9bec.","robots":{"index":"index","follow":"follow","max-snippet":"max-snippet:-1","max-image-preview":"max-image-preview:large","max-video-preview":"max-video-preview:-1"},"canonical":"https:\/\/groupeevie.com\/fr-fr\/groupe-evie\/notre-histoire\/","og_locale":"fr_FR","og_type":"article","og_title":"Groupe \u00c9vie | Une histoire de passion, de psycho\u00e9ducation","og_description":"Fond\u00e9 en 2000, leader en psycho\u00e9ducation. Services vari\u00e9s, approche unique. D\u00e9veloppement professionnel pour professionnels du Qu\u00e9bec.","og_url":"https:\/\/groupeevie.com\/fr-fr\/groupe-evie\/notre-histoire\/","og_site_name":"Groupe \u00c9vie","article_modified_time":"2023-08-15T14:23:43+00:00","twitter_card":"summary_large_image","twitter_misc":{"Dur\u00e9e de lecture estim\u00e9e":"4 minutes"},"schema":{"@context":"https:\/\/schema.org","@graph":[{"@type":"WebPage","@id":"https:\/\/groupeevie.com\/fr-fr\/groupe-evie\/notre-histoire\/","url":"https:\/\/groupeevie.com\/fr-fr\/groupe-evie\/notre-histoire\/","name":"Groupe \u00c9vie | Une histoire de passion, de psycho\u00e9ducation","isPartOf":{"@id":"https:\/\/groupeevie.com\/fr-fr\/#website"},"datePublished":"2022-04-08T15:31:40+00:00","dateModified":"2023-08-15T14:23:43+00:00","description":"Fond\u00e9 en 2000, leader en psycho\u00e9ducation. Services vari\u00e9s, approche unique. D\u00e9veloppement professionnel pour professionnels du Qu\u00e9bec.","breadcrumb":{"@id":"https:\/\/groupeevie.com\/fr-fr\/groupe-evie\/notre-histoire\/#breadcrumb"},"inLanguage":"fr-FR","potentialAction":[{"@type":"ReadAction","target":["https:\/\/groupeevie.com\/fr-fr\/groupe-evie\/notre-histoire\/"]}]},{"@type":"BreadcrumbList","@id":"https:\/\/groupeevie.com\/fr-fr\/groupe-evie\/notre-histoire\/#breadcrumb","itemListElement":[{"@type":"ListItem","position":1,"name":"Groupe \u00c9vie","item":"https:\/\/groupeevie.com\/fr-fr\/"},{"@type":"ListItem","position":2,"name":"Notre histoire"}]},{"@type":"WebSite","@id":"https:\/\/groupeevie.com\/fr-fr\/#website","url":"https:\/\/groupeevie.com\/fr-fr\/","name":"Groupe \u00c9vie","description":"Au coeur de la sant\u00e9 mentale","publisher":{"@id":"https:\/\/groupeevie.com\/fr-fr\/#organization"},"potentialAction":[{"@type":"SearchAction","target":{"@type":"EntryPoint","urlTemplate":"https:\/\/groupeevie.com\/fr-fr\/?s={search_term_string}"},"query-input":{"@type":"PropertyValueSpecification","valueRequired":true,"valueName":"search_term_string"}}],"inLanguage":"fr-FR"},{"@type":"Organization","@id":"https:\/\/groupeevie.com\/fr-fr\/#organization","name":"Groupe \u00c9vie","url":"https:\/\/groupeevie.com\/fr-fr\/","logo":{"@type":"ImageObject","inLanguage":"fr-FR","@id":"https:\/\/groupeevie.com\/fr-fr\/#\/schema\/logo\/image\/","url":"https:\/\/groupeevie.com\/wp-content\/uploads\/2022\/05\/EVIE-logo_rvb-2.png","contentUrl":"https:\/\/groupeevie.com\/wp-content\/uploads\/2022\/05\/EVIE-logo_rvb-2.png","width":1414,"height":611,"caption":"Groupe \u00c9vie"},"image":{"@id":"https:\/\/groupeevie.com\/fr-fr\/#\/schema\/logo\/image\/"}}]}},"coauthors":[],"author_meta":{"author_link":"https:\/\/groupeevie.com\/fr-fr\/espace-evie\/author\/emiliecuffia\/","display_name":"EmilieCuffia"},"relative_dates":{"created":"Publi\u00e9 4 ans il y a","modified":"Mis \u00e0 jour 3 ans il y a"},"absolute_dates":{"created":"Publi\u00e9 le 8 avril 2022","modified":"Mise \u00e0 jour le 15 ao\u00fbt 2023"},"absolute_dates_time":{"created":"Publi\u00e9 le 8 avril 2022 11h31","modified":"Mise \u00e0 jour le 15 ao\u00fbt 2023 10h23"},"featured_img_caption":"","featured_img":false,"series_order":"","ticketed":false,"_links":{"self":[{"href":"https:\/\/groupeevie.com\/fr-fr\/wp-json\/wp\/v2\/pages\/1766","targetHints":{"allow":["GET"]}}],"collection":[{"href":"https:\/\/groupeevie.com\/fr-fr\/wp-json\/wp\/v2\/pages"}],"about":[{"href":"https:\/\/groupeevie.com\/fr-fr\/wp-json\/wp\/v2\/types\/page"}],"author":[{"embeddable":true,"href":"https:\/\/groupeevie.com\/fr-fr\/wp-json\/wp\/v2\/users\/3"}],"replies":[{"embeddable":true,"href":"https:\/\/groupeevie.com\/fr-fr\/wp-json\/wp\/v2\/comments?post=1766"}],"version-history":[{"count":4,"href":"https:\/\/groupeevie.com\/fr-fr\/wp-json\/wp\/v2\/pages\/1766\/revisions"}],"predecessor-version":[{"id":3269,"href":"https:\/\/groupeevie.com\/fr-fr\/wp-json\/wp\/v2\/pages\/1766\/revisions\/3269"}],"up":[{"embeddable":true,"href":"https:\/\/groupeevie.com\/fr-fr\/wp-json\/wp\/v2\/pages\/1715"}],"wp:attachment":[{"href":"https:\/\/groupeevie.com\/fr-fr\/wp-json\/wp\/v2\/media?parent=1766"}],"curies":[{"name":"wp","href":"https:\/\/api.w.org\/{rel}","templated":true}]}}