{"id":1818,"date":"2022-11-14T13:19:26","date_gmt":"2022-11-14T18:19:26","guid":{"rendered":"https:\/\/groupeevie.com\/?page_id=1818"},"modified":"2022-12-13T11:56:20","modified_gmt":"2022-12-13T16:56:20","slug":"soutien-a-lessaimage","status":"publish","type":"page","link":"https:\/\/groupeevie.com\/fr-fr\/parcours-de-formation\/formation-aapip\/soutien-a-lessaimage\/","title":{"rendered":"Soutien \u00e0 l\u2019essaimage des pratiques"},"content":{"rendered":"\n<div class=\"wp-block-columns has-white-background-color has-background content-block is-layout-flex wp-container-core-columns-is-layout-9d6595d7 wp-block-columns-is-layout-flex\">\n<div class=\"wp-block-column is-layout-flow wp-block-column-is-layout-flow\">\n<h2 class=\"wp-block-heading\">Accompagnement personnalis\u00e9 et strat\u00e9gique aux enjeux d\u2019essaimage des pratiques<\/h2>\n\n\n\n<p>Lorsque les politiques publiques sont claires et que l\u2019offre d\u2019accompagnement doit \u00eatre modifi\u00e9e, \u00ab\u2009s\u2019engager sur la voie du \u201cpouvoir d\u2019agir\u201d am\u00e8ne de profondes transformations de l\u2019exercice professionnel.\u2009\u00bb <sup>1<\/sup> <\/p>\n\n\n\n<p>Amorcer un changement de posture professionnelle de tous au sein d\u2019un m\u00eame \u00e9tablissement, d\u2019une m\u00eame structure ou d\u2019un m\u00eame dispositif requiert temps et r\u00e9flexion. Comment s\u2019assurer que tous partagent des valeurs et des pratiques communes\u2009? Comment s\u2019assurer, \u00e0 travers le temps, de garder vivant ce d\u00e9sir de changement et faciliter l\u2019impl\u00e9mentation de l\u2019Approche d\u2019accompagnement de proximit\u00e9 d\u2019inspiration psycho\u00e9ducative<sup>MC<\/sup>\u2009?<\/p>\n\n\n\n<p>Afin de rendre ce projet des plus mobilisateurs pour l\u2019ensemble des parties impliqu\u00e9es, le Groupe \u00c9vie met son expertise \u00e0 disposition pour \u00e9tablir et co-cr\u00e9er une strat\u00e9gie de d\u00e9veloppement des comp\u00e9tences soutenant la transformation de l\u2019offre dans vos \u00e9tablissements \u00e0 partir des besoins et des enjeux que vous avez identifi\u00e9s. De l\u2019\u00e9laboration \u00e0 la mise en \u0153uvre de la strat\u00e9gie, en passant par la promotion et l\u2019\u00e9valuation des retomb\u00e9es des pratiques, le Groupe \u00c9vie soutient les \u00e9tablissements afin que des changements concrets et durables s\u2019op\u00e8rent.<\/p>\n<\/div>\n<\/div>\n\n\n\n<section class=\"wp-block-group section-contact block-carrieres content-block advgb-dyn-fd5d22b6\"><div class=\"wp-block-group__inner-container is-layout-flow wp-block-group-is-layout-flow\">\n<div class=\"wp-block-columns reveal is-layout-flex wp-container-core-columns-is-layout-9d6595d7 wp-block-columns-is-layout-flex\">\n<div class=\"wp-block-column is-layout-flow wp-block-column-is-layout-flow\">\n<h2 class=\"wp-block-heading\">Planifier et organiser votre projet de changement des pratiques professionnelles<\/h2>\n\n\n\n<p>D\u00e9couvrez de quelle fa\u00e7on le Groupe \u00c9vie accompagne les dirigeants dans leur r\u00e9flexion autour de la transformation de l\u2019offre des secteurs sanitaire et m\u00e9dico-social.<\/p>\n<\/div>\n\n\n\n<div class=\"wp-block-column is-layout-flow wp-block-column-is-layout-flow\">\n<div class=\"wp-block-buttons is-content-justification-right is-layout-flex wp-container-core-buttons-is-layout-765c4724 wp-block-buttons-is-layout-flex\">\n<div class=\"wp-block-button advgb-dyn-9f1c6ae7\"><a class=\"wp-block-button__link wp-element-button\" href=\"https:\/\/groupeevie.com\/fr-fr\/nous-joindre\/\">Contactez-nous<\/a><\/div>\n<\/div>\n<\/div>\n<\/div>\n<\/div><\/section>\n\n\n\n<div class=\"wp-block-group content-block advgb-dyn-dc83de4b\"><div class=\"wp-block-group__inner-container is-layout-flow wp-block-group-is-layout-flow\">\n<p><sup>1<\/sup>Piveteau, D. <em>Experts, acteurs, ensemble\u2026 pour une soci\u00e9t\u00e9 qui change<\/em>, 17&nbsp;f\u00e9vrier 2022, 219&nbsp;p. [<a href=\"https:\/\/www.gouvernement.fr\/upload\/media\/default\/0001\/01\/2022_03_experts_acteurs_ensemble_rapport_finalannexes.pdf\">https:\/\/www.gouvernement.fr\/upload\/media\/default\/0001\/01\/2022_03_experts_acteurs_ensemble_rapport_finalannexes.pdf<\/a>]<\/p>\n<\/div><\/div>\n","protected":false},"excerpt":{"rendered":"<p>Accompagnement personnalis\u00e9 et strat\u00e9gique aux enjeux d\u2019essaimage des pratiques Lorsque les politiques publiques sont claires et que l\u2019offre d\u2019accompagnement doit \u00eatre modifi\u00e9e, \u00ab\u2009s\u2019engager sur la voie du \u201cpouvoir d\u2019agir\u201d am\u00e8ne [&hellip;]<\/p>\n","protected":false},"author":3,"featured_media":0,"parent":1786,"menu_order":0,"comment_status":"closed","ping_status":"closed","template":"page-individuel.php","meta":{"_acf_changed":false,"inline_featured_image":false,"advgb_blocks_editor_width":"","advgb_blocks_columns_visual_guide":"","_price":"","_stock":"","_tribe_ticket_header":"","_tribe_default_ticket_provider":"","_tribe_ticket_capacity":"0","_ticket_start_date":"","_ticket_end_date":"","_tribe_ticket_show_description":"","_tribe_ticket_show_not_going":false,"_tribe_ticket_use_global_stock":"","_tribe_ticket_global_stock_level":"","_global_stock_mode":"","_global_stock_cap":"","_tribe_rsvp_for_event":"","_tribe_ticket_going_count":"","_tribe_ticket_not_going_count":"","_tribe_tickets_list":"[]","_tribe_ticket_has_attendee_info_fields":false,"footnotes":"","_tec_slr_enabled":"","_tec_slr_layout":""},"class_list":["post-1818","page","type-page","status-publish","hentry"],"acf":[],"yoast_head":"<!-- This site is optimized with the Yoast SEO plugin v27.2 - https:\/\/yoast.com\/product\/yoast-seo-wordpress\/ -->\n<title>Soutien \u00e0 l\u2019essaimage des pratiques - Groupe \u00c9vie<\/title>\n<meta name=\"robots\" content=\"index, follow, max-snippet:-1, max-image-preview:large, max-video-preview:-1\" \/>\n<link rel=\"canonical\" href=\"https:\/\/groupeevie.com\/fr-fr\/parcours-de-formation\/formation-aapip\/soutien-a-lessaimage\/\" \/>\n<meta property=\"og:locale\" content=\"fr_FR\" \/>\n<meta property=\"og:type\" content=\"article\" \/>\n<meta property=\"og:title\" content=\"Soutien \u00e0 l\u2019essaimage des pratiques - Groupe \u00c9vie\" \/>\n<meta property=\"og:description\" content=\"Accompagnement personnalis\u00e9 et strat\u00e9gique aux enjeux d\u2019essaimage des pratiques Lorsque les politiques publiques sont claires et que l\u2019offre d\u2019accompagnement doit \u00eatre modifi\u00e9e, \u00ab\u2009s\u2019engager sur la voie du \u201cpouvoir d\u2019agir\u201d am\u00e8ne [&hellip;]\" \/>\n<meta property=\"og:url\" content=\"https:\/\/groupeevie.com\/fr-fr\/parcours-de-formation\/formation-aapip\/soutien-a-lessaimage\/\" \/>\n<meta property=\"og:site_name\" content=\"Groupe \u00c9vie\" \/>\n<meta property=\"article:modified_time\" content=\"2022-12-13T16:56:20+00:00\" \/>\n<meta name=\"twitter:card\" content=\"summary_large_image\" \/>\n<meta name=\"twitter:label1\" content=\"Dur\u00e9e de lecture estim\u00e9e\" \/>\n\t<meta name=\"twitter:data1\" content=\"2 minutes\" \/>\n<script type=\"application\/ld+json\" class=\"yoast-schema-graph\">{\"@context\":\"https:\/\/schema.org\",\"@graph\":[{\"@type\":\"WebPage\",\"@id\":\"https:\/\/groupeevie.com\/fr-fr\/parcours-de-formation\/formation-aapip\/soutien-a-lessaimage\/\",\"url\":\"https:\/\/groupeevie.com\/fr-fr\/parcours-de-formation\/formation-aapip\/soutien-a-lessaimage\/\",\"name\":\"Soutien \u00e0 l\u2019essaimage des pratiques - Groupe \u00c9vie\",\"isPartOf\":{\"@id\":\"https:\/\/groupeevie.com\/fr-fr\/#website\"},\"datePublished\":\"2022-11-14T18:19:26+00:00\",\"dateModified\":\"2022-12-13T16:56:20+00:00\",\"breadcrumb\":{\"@id\":\"https:\/\/groupeevie.com\/fr-fr\/parcours-de-formation\/formation-aapip\/soutien-a-lessaimage\/#breadcrumb\"},\"inLanguage\":\"fr-FR\",\"potentialAction\":[{\"@type\":\"ReadAction\",\"target\":[\"https:\/\/groupeevie.com\/fr-fr\/parcours-de-formation\/formation-aapip\/soutien-a-lessaimage\/\"]}]},{\"@type\":\"BreadcrumbList\",\"@id\":\"https:\/\/groupeevie.com\/fr-fr\/parcours-de-formation\/formation-aapip\/soutien-a-lessaimage\/#breadcrumb\",\"itemListElement\":[{\"@type\":\"ListItem\",\"position\":1,\"name\":\"Parcours de formation AAPIP\",\"item\":\"https:\/\/groupeevie.com\/fr-fr\/parcours-de-formation\/\"},{\"@type\":\"ListItem\",\"position\":2,\"name\":\"Formation \u00e0 l&#8217;Approche d&#8217;accompagnement de proximit\u00e9 d&#8217;inspiration psycho\u00e9ducative\",\"item\":\"https:\/\/groupeevie.com\/fr-fr\/parcours-de-formation\/formation-aapip\/\"},{\"@type\":\"ListItem\",\"position\":3,\"name\":\"Soutien \u00e0 l\u2019essaimage des pratiques\"}]},{\"@type\":\"WebSite\",\"@id\":\"https:\/\/groupeevie.com\/fr-fr\/#website\",\"url\":\"https:\/\/groupeevie.com\/fr-fr\/\",\"name\":\"Groupe \u00c9vie\",\"description\":\"Au coeur de la sant\u00e9 mentale\",\"publisher\":{\"@id\":\"https:\/\/groupeevie.com\/fr-fr\/#organization\"},\"potentialAction\":[{\"@type\":\"SearchAction\",\"target\":{\"@type\":\"EntryPoint\",\"urlTemplate\":\"https:\/\/groupeevie.com\/fr-fr\/?s={search_term_string}\"},\"query-input\":{\"@type\":\"PropertyValueSpecification\",\"valueRequired\":true,\"valueName\":\"search_term_string\"}}],\"inLanguage\":\"fr-FR\"},{\"@type\":\"Organization\",\"@id\":\"https:\/\/groupeevie.com\/fr-fr\/#organization\",\"name\":\"Groupe \u00c9vie\",\"url\":\"https:\/\/groupeevie.com\/fr-fr\/\",\"logo\":{\"@type\":\"ImageObject\",\"inLanguage\":\"fr-FR\",\"@id\":\"https:\/\/groupeevie.com\/fr-fr\/#\/schema\/logo\/image\/\",\"url\":\"https:\/\/groupeevie.com\/wp-content\/uploads\/2022\/05\/EVIE-logo_rvb-2.png\",\"contentUrl\":\"https:\/\/groupeevie.com\/wp-content\/uploads\/2022\/05\/EVIE-logo_rvb-2.png\",\"width\":1414,\"height\":611,\"caption\":\"Groupe \u00c9vie\"},\"image\":{\"@id\":\"https:\/\/groupeevie.com\/fr-fr\/#\/schema\/logo\/image\/\"}}]}<\/script>\n<!-- \/ Yoast SEO plugin. -->","yoast_head_json":{"title":"Soutien \u00e0 l\u2019essaimage des pratiques - Groupe \u00c9vie","robots":{"index":"index","follow":"follow","max-snippet":"max-snippet:-1","max-image-preview":"max-image-preview:large","max-video-preview":"max-video-preview:-1"},"canonical":"https:\/\/groupeevie.com\/fr-fr\/parcours-de-formation\/formation-aapip\/soutien-a-lessaimage\/","og_locale":"fr_FR","og_type":"article","og_title":"Soutien \u00e0 l\u2019essaimage des pratiques - Groupe \u00c9vie","og_description":"Accompagnement personnalis\u00e9 et strat\u00e9gique aux enjeux d\u2019essaimage des pratiques Lorsque les politiques publiques sont claires et que l\u2019offre d\u2019accompagnement doit \u00eatre modifi\u00e9e, \u00ab\u2009s\u2019engager sur la voie du \u201cpouvoir d\u2019agir\u201d am\u00e8ne [&hellip;]","og_url":"https:\/\/groupeevie.com\/fr-fr\/parcours-de-formation\/formation-aapip\/soutien-a-lessaimage\/","og_site_name":"Groupe \u00c9vie","article_modified_time":"2022-12-13T16:56:20+00:00","twitter_card":"summary_large_image","twitter_misc":{"Dur\u00e9e de lecture estim\u00e9e":"2 minutes"},"schema":{"@context":"https:\/\/schema.org","@graph":[{"@type":"WebPage","@id":"https:\/\/groupeevie.com\/fr-fr\/parcours-de-formation\/formation-aapip\/soutien-a-lessaimage\/","url":"https:\/\/groupeevie.com\/fr-fr\/parcours-de-formation\/formation-aapip\/soutien-a-lessaimage\/","name":"Soutien \u00e0 l\u2019essaimage des pratiques - Groupe \u00c9vie","isPartOf":{"@id":"https:\/\/groupeevie.com\/fr-fr\/#website"},"datePublished":"2022-11-14T18:19:26+00:00","dateModified":"2022-12-13T16:56:20+00:00","breadcrumb":{"@id":"https:\/\/groupeevie.com\/fr-fr\/parcours-de-formation\/formation-aapip\/soutien-a-lessaimage\/#breadcrumb"},"inLanguage":"fr-FR","potentialAction":[{"@type":"ReadAction","target":["https:\/\/groupeevie.com\/fr-fr\/parcours-de-formation\/formation-aapip\/soutien-a-lessaimage\/"]}]},{"@type":"BreadcrumbList","@id":"https:\/\/groupeevie.com\/fr-fr\/parcours-de-formation\/formation-aapip\/soutien-a-lessaimage\/#breadcrumb","itemListElement":[{"@type":"ListItem","position":1,"name":"Parcours de formation AAPIP","item":"https:\/\/groupeevie.com\/fr-fr\/parcours-de-formation\/"},{"@type":"ListItem","position":2,"name":"Formation \u00e0 l&#8217;Approche d&#8217;accompagnement de proximit\u00e9 d&#8217;inspiration psycho\u00e9ducative","item":"https:\/\/groupeevie.com\/fr-fr\/parcours-de-formation\/formation-aapip\/"},{"@type":"ListItem","position":3,"name":"Soutien \u00e0 l\u2019essaimage des pratiques"}]},{"@type":"WebSite","@id":"https:\/\/groupeevie.com\/fr-fr\/#website","url":"https:\/\/groupeevie.com\/fr-fr\/","name":"Groupe \u00c9vie","description":"Au coeur de la sant\u00e9 mentale","publisher":{"@id":"https:\/\/groupeevie.com\/fr-fr\/#organization"},"potentialAction":[{"@type":"SearchAction","target":{"@type":"EntryPoint","urlTemplate":"https:\/\/groupeevie.com\/fr-fr\/?s={search_term_string}"},"query-input":{"@type":"PropertyValueSpecification","valueRequired":true,"valueName":"search_term_string"}}],"inLanguage":"fr-FR"},{"@type":"Organization","@id":"https:\/\/groupeevie.com\/fr-fr\/#organization","name":"Groupe \u00c9vie","url":"https:\/\/groupeevie.com\/fr-fr\/","logo":{"@type":"ImageObject","inLanguage":"fr-FR","@id":"https:\/\/groupeevie.com\/fr-fr\/#\/schema\/logo\/image\/","url":"https:\/\/groupeevie.com\/wp-content\/uploads\/2022\/05\/EVIE-logo_rvb-2.png","contentUrl":"https:\/\/groupeevie.com\/wp-content\/uploads\/2022\/05\/EVIE-logo_rvb-2.png","width":1414,"height":611,"caption":"Groupe \u00c9vie"},"image":{"@id":"https:\/\/groupeevie.com\/fr-fr\/#\/schema\/logo\/image\/"}}]}},"coauthors":[],"author_meta":{"author_link":"https:\/\/groupeevie.com\/fr-fr\/espace-evie\/author\/emiliecuffia\/","display_name":"EmilieCuffia"},"relative_dates":{"created":"Publi\u00e9 3 ans il y a","modified":"Mis \u00e0 jour 3 ans il y a"},"absolute_dates":{"created":"Publi\u00e9 le 14 novembre 2022","modified":"Mise \u00e0 jour le 13 d\u00e9cembre 2022"},"absolute_dates_time":{"created":"Publi\u00e9 le 14 novembre 2022 13h19","modified":"Mise \u00e0 jour le 13 d\u00e9cembre 2022 11h56"},"featured_img_caption":"","featured_img":false,"series_order":"","ticketed":false,"_links":{"self":[{"href":"https:\/\/groupeevie.com\/fr-fr\/wp-json\/wp\/v2\/pages\/1818","targetHints":{"allow":["GET"]}}],"collection":[{"href":"https:\/\/groupeevie.com\/fr-fr\/wp-json\/wp\/v2\/pages"}],"about":[{"href":"https:\/\/groupeevie.com\/fr-fr\/wp-json\/wp\/v2\/types\/page"}],"author":[{"embeddable":true,"href":"https:\/\/groupeevie.com\/fr-fr\/wp-json\/wp\/v2\/users\/3"}],"replies":[{"embeddable":true,"href":"https:\/\/groupeevie.com\/fr-fr\/wp-json\/wp\/v2\/comments?post=1818"}],"version-history":[{"count":7,"href":"https:\/\/groupeevie.com\/fr-fr\/wp-json\/wp\/v2\/pages\/1818\/revisions"}],"predecessor-version":[{"id":2101,"href":"https:\/\/groupeevie.com\/fr-fr\/wp-json\/wp\/v2\/pages\/1818\/revisions\/2101"}],"up":[{"embeddable":true,"href":"https:\/\/groupeevie.com\/fr-fr\/wp-json\/wp\/v2\/pages\/1786"}],"wp:attachment":[{"href":"https:\/\/groupeevie.com\/fr-fr\/wp-json\/wp\/v2\/media?parent=1818"}],"curies":[{"name":"wp","href":"https:\/\/api.w.org\/{rel}","templated":true}]}}