{"id":6077,"date":"2025-09-15T19:34:52","date_gmt":"2025-09-15T23:34:52","guid":{"rendered":"https:\/\/groupeevie.com\/bien-etre-au-travail\/accompagnement\/"},"modified":"2025-10-14T11:02:41","modified_gmt":"2025-10-14T15:02:41","slug":"accompagnement","status":"publish","type":"page","link":"https:\/\/groupeevie.com\/fr-fr\/bien-etre-au-travail\/accompagnement\/","title":{"rendered":"Accompagnement sur mesure pour le bien-\u00eatre au travail"},"content":{"rendered":"\n<section class=\"wp-block-group content-block\"><div class=\"wp-block-group__inner-container is-layout-flow wp-block-group-is-layout-flow\">\n<h2 class=\"wp-block-heading\" id=\"des-solutions-humaines-et-durables-pour-des-organisations-en-sante-cedbb42a-832d-4339-b753-0475729bd557\">Des solutions humaines et durables pour des organisations en sant\u00e9<\/h2>\n\n\n\n<p>Au Groupe \u00c9vie, nous croyons qu\u2019un milieu de travail sain et bienveillant est la cl\u00e9 d\u2019\u00e9quipes engag\u00e9es, performantes et r\u00e9silientes. Chaque entreprise est unique : c\u2019est pourquoi nous offrons un accompagnement sur mesure, adapt\u00e9 \u00e0 vos besoins et \u00e0 votre r\u00e9alit\u00e9.<\/p>\n\n\n\n<p>Nous vous aidons \u00e0 <strong>\u00e9valuer les facteurs de risques psychosociaux<\/strong> et \u00e0 b\u00e2tir des <strong>strat\u00e9gies de bien-\u00eatre au travail<\/strong> concr\u00e8tes, efficaces et rentables. Que ce soit aupr\u00e8s de vos gestionnaires, de vos \u00e9quipes ou de chaque employ\u00e9, nous co-construisons des solutions qui favorisent un climat positif et une performance durable.<\/p>\n\n\n\n<h3 class=\"wp-block-heading\">Deux solutions selon vos besoins<\/h3>\n\n\n\n<p>Notre engagement : accompagner vos \u00e9quipes vers un mieux-\u00eatre durable et une performance partag\u00e9e.<\/p>\n\n\n\n<div class=\"wp-block-buttons btns-clienteles is-layout-flex wp-block-buttons-is-layout-flex\">\n<div class=\"wp-block-button btn-clientele btn-clientele-entreprises reveal\"><a class=\"wp-block-button__link wp-element-button\" href=\"https:\/\/groupeevie.com\/fr-fr\/bien-etre-au-travail\/evaluation-rps\/\">\u00c9valuation des facteurs de risques psychosociaux<\/a><\/div>\n\n\n\n<div class=\"wp-block-button btn-clientele btn-clientele-individuel reveal\"><a class=\"wp-block-button__link wp-element-button\" href=\"https:\/\/groupeevie.com\/fr-fr\/bien-etre-au-travail\/strategies-bien-etre-au-travail\/\">Strat\u00e9gies de bien-\u00eatre au travail<\/a><\/div>\n<\/div>\n<\/div><\/section>\n\n\n\n<div class=\"wp-block-group content-block\"><div class=\"wp-block-group__inner-container is-layout-flow wp-block-group-is-layout-flow\">\n<h2 class=\"wp-block-heading\" id=\"principes-directeurs-de-nos-interventions-f2acf330-5d05-4283-ad28-b8155271e52d\">Notre approche<\/h2>\n\n\n\n<p>Nous proposons une d\u00e9marche \u00e0 trois niveaux :<\/p>\n\n\n\n<ul class=\"wp-block-list\">\n<li><strong>Sensibilisation du milieu<\/strong> : ateliers pour comprendre les enjeux du bien-\u00eatre psychologique.<\/li>\n\n\n\n<li><strong>Portrait des enjeux<\/strong> : identification des r\u00e9alit\u00e9s propres \u00e0 votre organisation.<\/li>\n\n\n\n<li><strong>Co-construction de la solution<\/strong> : implication des gestionnaires et employ\u00e9s pour des solutions adapt\u00e9es et p\u00e9rennes.<\/li>\n<\/ul>\n\n\n\n<div style=\"height:22px\" aria-hidden=\"true\" class=\"wp-block-spacer\"><\/div>\n<\/div><\/div>\n\n\n\n<section class=\"wp-block-group content-block\"><div class=\"wp-block-group__inner-container is-layout-flow wp-block-group-is-layout-flow\">\n<h3 class=\"wp-block-heading\" id=\"les-benefices-dune-demarche-structuree-de805152-4558-4dc3-9252-4956f685b774\">Les b\u00e9n\u00e9fices d\u2019une d\u00e9marche structur\u00e9e<\/h3>\n\n\n\n<div class=\"wp-block-columns is-layout-flex wp-container-core-columns-is-layout-9d6595d7 wp-block-columns-is-layout-flex\">\n<div class=\"wp-block-column has-beige-light-background-color has-background box is-layout-flow wp-block-column-is-layout-flow\" style=\"flex-basis:33.67%\">\n<h4 class=\"wp-block-heading has-orange-burnt-color has-text-color has-link-color wp-elements-4e4afd9098566f68e8757cddd3386021\"><strong>\u00c9conomie de co\u00fbts<\/strong><\/h4>\n\n\n\n<p>Pr\u00e8s de <strong>30 %<\/strong> des absences au travail sont li\u00e9es \u00e0 la sant\u00e9 psychologique (au Qu\u00e9bec). <\/p>\n\n\n\n<p>Investir dans la pr\u00e9vention et le bien-\u00eatre, c\u2019est<strong> r\u00e9duire l\u2019absent\u00e9isme <\/strong>et le pr\u00e9sent\u00e9isme, deux sources majeures de pertes financi\u00e8res et humaines.<\/p>\n<\/div>\n\n\n\n<div class=\"wp-block-column has-beige-background-color has-background box is-layout-flow wp-block-column-is-layout-flow\" style=\"flex-basis:33.67%\">\n<h4 class=\"wp-block-heading has-burgundy-color has-text-color has-link-color wp-elements-57d2851d47a6037aa71cb4b6eba03f6c\"><strong>Gestion de la charge de travail<\/strong><\/h4>\n\n\n\n<p>Un meilleur \u00e9quilibre des responsabilit\u00e9s <strong>am\u00e9liore l\u2019efficacit\u00e9<\/strong> et r\u00e9duit les erreurs. <\/p>\n\n\n\n<p>Miser sur la coh\u00e9sion et la communication peut <strong>diminuer les conflits jusqu\u2019\u00e0 50 %<\/strong>.<\/p>\n<\/div>\n\n\n\n<div class=\"wp-block-column has-beige-light-background-color has-background box is-layout-flow wp-block-column-is-layout-flow\" style=\"flex-basis:33%\">\n<h4 class=\"wp-block-heading has-orange-color has-text-color has-link-color wp-elements-f6366a5ef42eab5d6494daeb9a793b45\"><strong>Innovation et performance organisationnelle<\/strong><\/h4>\n\n\n\n<p>Des \u00e9quipes soutenues psychologiquement sont <strong>plus cr\u00e9atives, plus mobilis\u00e9es <\/strong>et<strong> trois fois plus susceptibles de d\u00e9passer leurs objectifs<\/strong>.<\/p>\n<\/div>\n<\/div>\n\n\n\n<div class=\"wp-block-columns is-layout-flex wp-container-core-columns-is-layout-9d6595d7 wp-block-columns-is-layout-flex\">\n<div class=\"wp-block-column has-beige-background-color has-background box is-layout-flow wp-block-column-is-layout-flow\" style=\"flex-basis:33%\">\n<h4 class=\"wp-block-heading has-orange-burnt-color has-text-color has-link-color wp-elements-fc07e6a3925096d514207702ba279320\"><strong>Conformit\u00e9 \u00e0 la loi<\/strong><\/h4>\n\n\n\n<p>Depuis le 6 septembre, les employeurs ont l\u2019obligation de pr\u00e9venir et d\u2019\u00e9valuer les risques psychosociaux. <\/p>\n\n\n\n<p>Nous vous accompagnons pour r\u00e9pondre \u00e0 ces exigences l\u00e9gales et <strong>instaurer des pratiques durables<\/strong>.<\/p>\n<\/div>\n\n\n\n<div class=\"wp-block-column has-beige-background-color has-background box is-layout-flow wp-block-column-is-layout-flow\" style=\"flex-basis:33%\">\n<h4 class=\"wp-block-heading has-burgundy-color has-text-color has-link-color wp-elements-1be36c2cf1db9b56c1c607d7c189cbd5\"><strong>Marque employeur et attractivit\u00e9<\/strong><\/h4>\n\n\n\n<p>Un milieu o\u00f9 les employ\u00e9s se sentent valoris\u00e9s attire et retient les talents. <\/p>\n\n\n\n<p>Le bien-\u00eatre au travail devient un<strong> levier de fid\u00e9lisation<\/strong> et de rayonnement.<\/p>\n<\/div>\n\n\n\n<div class=\"wp-block-column has-beige-light-background-color has-background box is-layout-flow wp-block-column-is-layout-flow\" style=\"flex-basis:32.67%\">\n<h4 class=\"wp-block-heading has-orange-color has-text-color has-link-color wp-elements-e8b1c85d9845b7f7d135ad8a5a878e13\"><strong>Climat de travail harmonieux<\/strong><\/h4>\n\n\n\n<p>Les environnements positifs <strong>augmentent la motivation, l\u2019engagement<\/strong> et<strong> la productivit\u00e9 <\/strong>des \u00e9quipes.<\/p>\n<\/div>\n<\/div>\n<\/div><\/section>\n\n\n\n<section class=\"wp-block-group section-contact block-carrieres\"><div class=\"wp-block-group__inner-container is-layout-flow wp-block-group-is-layout-flow\">\n<div class=\"wp-block-columns reveal is-layout-flex wp-container-core-columns-is-layout-9d6595d7 wp-block-columns-is-layout-flex\">\n<div class=\"wp-block-column is-layout-flow wp-block-column-is-layout-flow\">\n<p>\u00c9valuez gratuitement le bien-\u00eatre de votre \u00e9quipe<\/p>\n\n\n\n<h3 class=\"wp-block-heading\">Vous ne savez pas par o\u00f9 commencer? <\/h3>\n\n\n\n<p>En quelques minutes, obtenez un <strong>pr\u00e9diagnostic simple et intuitif<\/strong> sur la satisfaction et le bien-\u00eatre de vos collaborateurs, accompagn\u00e9 de recommandations personnalis\u00e9es.<\/p>\n<\/div>\n\n\n\n<div class=\"wp-block-column is-layout-flow wp-block-column-is-layout-flow\">\n<div class=\"wp-block-buttons is-content-justification-right is-layout-flex wp-container-core-buttons-is-layout-765c4724 wp-block-buttons-is-layout-flex\">\n<div class=\"wp-block-button is-style-fill\"><a class=\"wp-block-button__link has-orange-burnt-background-color has-background wp-element-button\" href=\"https:\/\/groupeevie.com\/fr-fr\/bien-etre-au-travail\/questionnaire-evaluation\/\">\u00c9valuez votre \u00e9quipe maintenant<\/a><\/div>\n<\/div>\n<\/div>\n<\/div>\n<\/div><\/section>\n","protected":false},"excerpt":{"rendered":"<p>Des solutions humaines et durables pour des organisations en sant\u00e9 Au Groupe \u00c9vie, nous croyons qu\u2019un milieu de travail sain et bienveillant est la cl\u00e9 d\u2019\u00e9quipes engag\u00e9es, performantes et r\u00e9silientes. [&hellip;]<\/p>\n","protected":false},"author":1,"featured_media":5956,"parent":6074,"menu_order":0,"comment_status":"closed","ping_status":"closed","template":"page-developpement.php","meta":{"_acf_changed":false,"inline_featured_image":false,"advgb_blocks_editor_width":"","advgb_blocks_columns_visual_guide":"","_price":"","_stock":"","_tribe_ticket_header":"","_tribe_default_ticket_provider":"","_tribe_ticket_capacity":"0","_ticket_start_date":"","_ticket_end_date":"","_tribe_ticket_show_description":"","_tribe_ticket_show_not_going":false,"_tribe_ticket_use_global_stock":"","_tribe_ticket_global_stock_level":"","_global_stock_mode":"","_global_stock_cap":"","_tribe_rsvp_for_event":"","_tribe_ticket_going_count":"","_tribe_ticket_not_going_count":"","_tribe_tickets_list":"[]","_tribe_ticket_has_attendee_info_fields":false,"footnotes":"","_tec_slr_enabled":"","_tec_slr_layout":""},"class_list":["post-6077","page","type-page","status-publish","has-post-thumbnail","hentry"],"acf":[],"yoast_head":"<!-- This site is optimized with the Yoast SEO plugin v27.2 - https:\/\/yoast.com\/product\/yoast-seo-wordpress\/ -->\n<title>Accompagnement en bien-\u00eatre au travail | Groupe \u00c9vie<\/title>\n<meta name=\"description\" content=\"Accompagnement sur mesure pour le mieux-\u00eatre organisationnel : coaching, ateliers, soutien aux \u00e9quipes et aux gestionnaires selon vos besoins uniques.\" \/>\n<meta name=\"robots\" content=\"noindex, nofollow\" \/>\n<meta property=\"og:locale\" content=\"fr_FR\" \/>\n<meta property=\"og:type\" content=\"article\" \/>\n<meta property=\"og:title\" content=\"Accompagnement en bien-\u00eatre au travail | Groupe \u00c9vie\" \/>\n<meta property=\"og:description\" content=\"Accompagnement sur mesure pour le mieux-\u00eatre organisationnel : coaching, ateliers, soutien aux \u00e9quipes et aux gestionnaires selon vos besoins uniques.\" \/>\n<meta property=\"og:url\" content=\"https:\/\/groupeevie.com\/fr-fr\/bien-etre-au-travail\/accompagnement\/\" \/>\n<meta property=\"og:site_name\" content=\"Groupe \u00c9vie\" \/>\n<meta property=\"article:modified_time\" content=\"2025-10-14T15:02:41+00:00\" \/>\n<meta property=\"og:image\" content=\"https:\/\/groupeevie.com\/wp-content\/uploads\/2025\/09\/GroupeEvie_Image_EnViedagir-11.png\" \/>\n\t<meta property=\"og:image:width\" content=\"1100\" \/>\n\t<meta property=\"og:image:height\" content=\"619\" \/>\n\t<meta property=\"og:image:type\" content=\"image\/png\" \/>\n<meta name=\"twitter:card\" content=\"summary_large_image\" \/>\n<meta name=\"twitter:label1\" content=\"Dur\u00e9e de lecture estim\u00e9e\" \/>\n\t<meta name=\"twitter:data1\" content=\"3 minutes\" \/>\n<script type=\"application\/ld+json\" class=\"yoast-schema-graph\">{\"@context\":\"https:\/\/schema.org\",\"@graph\":[{\"@type\":\"WebPage\",\"@id\":\"https:\/\/groupeevie.com\/fr-fr\/bien-etre-au-travail\/accompagnement\/\",\"url\":\"https:\/\/groupeevie.com\/fr-fr\/bien-etre-au-travail\/accompagnement\/\",\"name\":\"Accompagnement en bien-\u00eatre au travail | Groupe \u00c9vie\",\"isPartOf\":{\"@id\":\"https:\/\/groupeevie.com\/fr-fr\/#website\"},\"primaryImageOfPage\":{\"@id\":\"https:\/\/groupeevie.com\/fr-fr\/bien-etre-au-travail\/accompagnement\/#primaryimage\"},\"image\":{\"@id\":\"https:\/\/groupeevie.com\/fr-fr\/bien-etre-au-travail\/accompagnement\/#primaryimage\"},\"thumbnailUrl\":\"https:\/\/groupeevie.com\/wp-content\/uploads\/2025\/09\/GroupeEvie_Image_EnViedagir-11.png\",\"datePublished\":\"2025-09-15T23:34:52+00:00\",\"dateModified\":\"2025-10-14T15:02:41+00:00\",\"description\":\"Accompagnement sur mesure pour le mieux-\u00eatre organisationnel : coaching, ateliers, soutien aux \u00e9quipes et aux gestionnaires selon vos besoins uniques.\",\"breadcrumb\":{\"@id\":\"https:\/\/groupeevie.com\/fr-fr\/bien-etre-au-travail\/accompagnement\/#breadcrumb\"},\"inLanguage\":\"fr-FR\",\"potentialAction\":[{\"@type\":\"ReadAction\",\"target\":[\"https:\/\/groupeevie.com\/fr-fr\/bien-etre-au-travail\/accompagnement\/\"]}]},{\"@type\":\"ImageObject\",\"inLanguage\":\"fr-FR\",\"@id\":\"https:\/\/groupeevie.com\/fr-fr\/bien-etre-au-travail\/accompagnement\/#primaryimage\",\"url\":\"https:\/\/groupeevie.com\/wp-content\/uploads\/2025\/09\/GroupeEvie_Image_EnViedagir-11.png\",\"contentUrl\":\"https:\/\/groupeevie.com\/wp-content\/uploads\/2025\/09\/GroupeEvie_Image_EnViedagir-11.png\",\"width\":1100,\"height\":619},{\"@type\":\"BreadcrumbList\",\"@id\":\"https:\/\/groupeevie.com\/fr-fr\/bien-etre-au-travail\/accompagnement\/#breadcrumb\",\"itemListElement\":[{\"@type\":\"ListItem\",\"position\":1,\"name\":\"Bien-\u00eatre au travail\",\"item\":\"https:\/\/groupeevie.com\/fr-fr\/bien-etre-au-travail\/\"},{\"@type\":\"ListItem\",\"position\":2,\"name\":\"Accompagnement sur mesure pour le bien-\u00eatre au travail\"}]},{\"@type\":\"WebSite\",\"@id\":\"https:\/\/groupeevie.com\/fr-fr\/#website\",\"url\":\"https:\/\/groupeevie.com\/fr-fr\/\",\"name\":\"Groupe \u00c9vie\",\"description\":\"Au coeur de la sant\u00e9 mentale\",\"publisher\":{\"@id\":\"https:\/\/groupeevie.com\/fr-fr\/#organization\"},\"potentialAction\":[{\"@type\":\"SearchAction\",\"target\":{\"@type\":\"EntryPoint\",\"urlTemplate\":\"https:\/\/groupeevie.com\/fr-fr\/?s={search_term_string}\"},\"query-input\":{\"@type\":\"PropertyValueSpecification\",\"valueRequired\":true,\"valueName\":\"search_term_string\"}}],\"inLanguage\":\"fr-FR\"},{\"@type\":\"Organization\",\"@id\":\"https:\/\/groupeevie.com\/fr-fr\/#organization\",\"name\":\"Groupe \u00c9vie\",\"url\":\"https:\/\/groupeevie.com\/fr-fr\/\",\"logo\":{\"@type\":\"ImageObject\",\"inLanguage\":\"fr-FR\",\"@id\":\"https:\/\/groupeevie.com\/fr-fr\/#\/schema\/logo\/image\/\",\"url\":\"https:\/\/groupeevie.com\/wp-content\/uploads\/2022\/05\/EVIE-logo_rvb-2.png\",\"contentUrl\":\"https:\/\/groupeevie.com\/wp-content\/uploads\/2022\/05\/EVIE-logo_rvb-2.png\",\"width\":1414,\"height\":611,\"caption\":\"Groupe \u00c9vie\"},\"image\":{\"@id\":\"https:\/\/groupeevie.com\/fr-fr\/#\/schema\/logo\/image\/\"}}]}<\/script>\n<!-- \/ Yoast SEO plugin. -->","yoast_head_json":{"title":"Accompagnement en bien-\u00eatre au travail | Groupe \u00c9vie","description":"Accompagnement sur mesure pour le mieux-\u00eatre organisationnel : coaching, ateliers, soutien aux \u00e9quipes et aux gestionnaires selon vos besoins uniques.","robots":{"index":"noindex","follow":"nofollow"},"og_locale":"fr_FR","og_type":"article","og_title":"Accompagnement en bien-\u00eatre au travail | Groupe \u00c9vie","og_description":"Accompagnement sur mesure pour le mieux-\u00eatre organisationnel : coaching, ateliers, soutien aux \u00e9quipes et aux gestionnaires selon vos besoins uniques.","og_url":"https:\/\/groupeevie.com\/fr-fr\/bien-etre-au-travail\/accompagnement\/","og_site_name":"Groupe \u00c9vie","article_modified_time":"2025-10-14T15:02:41+00:00","og_image":[{"width":1100,"height":619,"url":"https:\/\/groupeevie.com\/wp-content\/uploads\/2025\/09\/GroupeEvie_Image_EnViedagir-11.png","type":"image\/png"}],"twitter_card":"summary_large_image","twitter_misc":{"Dur\u00e9e de lecture estim\u00e9e":"3 minutes"},"schema":{"@context":"https:\/\/schema.org","@graph":[{"@type":"WebPage","@id":"https:\/\/groupeevie.com\/fr-fr\/bien-etre-au-travail\/accompagnement\/","url":"https:\/\/groupeevie.com\/fr-fr\/bien-etre-au-travail\/accompagnement\/","name":"Accompagnement en bien-\u00eatre au travail | Groupe \u00c9vie","isPartOf":{"@id":"https:\/\/groupeevie.com\/fr-fr\/#website"},"primaryImageOfPage":{"@id":"https:\/\/groupeevie.com\/fr-fr\/bien-etre-au-travail\/accompagnement\/#primaryimage"},"image":{"@id":"https:\/\/groupeevie.com\/fr-fr\/bien-etre-au-travail\/accompagnement\/#primaryimage"},"thumbnailUrl":"https:\/\/groupeevie.com\/wp-content\/uploads\/2025\/09\/GroupeEvie_Image_EnViedagir-11.png","datePublished":"2025-09-15T23:34:52+00:00","dateModified":"2025-10-14T15:02:41+00:00","description":"Accompagnement sur mesure pour le mieux-\u00eatre organisationnel : coaching, ateliers, soutien aux \u00e9quipes et aux gestionnaires selon vos besoins uniques.","breadcrumb":{"@id":"https:\/\/groupeevie.com\/fr-fr\/bien-etre-au-travail\/accompagnement\/#breadcrumb"},"inLanguage":"fr-FR","potentialAction":[{"@type":"ReadAction","target":["https:\/\/groupeevie.com\/fr-fr\/bien-etre-au-travail\/accompagnement\/"]}]},{"@type":"ImageObject","inLanguage":"fr-FR","@id":"https:\/\/groupeevie.com\/fr-fr\/bien-etre-au-travail\/accompagnement\/#primaryimage","url":"https:\/\/groupeevie.com\/wp-content\/uploads\/2025\/09\/GroupeEvie_Image_EnViedagir-11.png","contentUrl":"https:\/\/groupeevie.com\/wp-content\/uploads\/2025\/09\/GroupeEvie_Image_EnViedagir-11.png","width":1100,"height":619},{"@type":"BreadcrumbList","@id":"https:\/\/groupeevie.com\/fr-fr\/bien-etre-au-travail\/accompagnement\/#breadcrumb","itemListElement":[{"@type":"ListItem","position":1,"name":"Bien-\u00eatre au travail","item":"https:\/\/groupeevie.com\/fr-fr\/bien-etre-au-travail\/"},{"@type":"ListItem","position":2,"name":"Accompagnement sur mesure pour le bien-\u00eatre au travail"}]},{"@type":"WebSite","@id":"https:\/\/groupeevie.com\/fr-fr\/#website","url":"https:\/\/groupeevie.com\/fr-fr\/","name":"Groupe \u00c9vie","description":"Au coeur de la sant\u00e9 mentale","publisher":{"@id":"https:\/\/groupeevie.com\/fr-fr\/#organization"},"potentialAction":[{"@type":"SearchAction","target":{"@type":"EntryPoint","urlTemplate":"https:\/\/groupeevie.com\/fr-fr\/?s={search_term_string}"},"query-input":{"@type":"PropertyValueSpecification","valueRequired":true,"valueName":"search_term_string"}}],"inLanguage":"fr-FR"},{"@type":"Organization","@id":"https:\/\/groupeevie.com\/fr-fr\/#organization","name":"Groupe \u00c9vie","url":"https:\/\/groupeevie.com\/fr-fr\/","logo":{"@type":"ImageObject","inLanguage":"fr-FR","@id":"https:\/\/groupeevie.com\/fr-fr\/#\/schema\/logo\/image\/","url":"https:\/\/groupeevie.com\/wp-content\/uploads\/2022\/05\/EVIE-logo_rvb-2.png","contentUrl":"https:\/\/groupeevie.com\/wp-content\/uploads\/2022\/05\/EVIE-logo_rvb-2.png","width":1414,"height":611,"caption":"Groupe \u00c9vie"},"image":{"@id":"https:\/\/groupeevie.com\/fr-fr\/#\/schema\/logo\/image\/"}}]}},"coauthors":[],"author_meta":{"author_link":"https:\/\/groupeevie.com\/fr-fr\/espace-evie\/author\/olabso\/","display_name":"olabso"},"relative_dates":{"created":"Publi\u00e9 8 mois il y a","modified":"Mis \u00e0 jour 7 mois il y a"},"absolute_dates":{"created":"Publi\u00e9 le 15 septembre 2025","modified":"Mise \u00e0 jour le 14 octobre 2025"},"absolute_dates_time":{"created":"Publi\u00e9 le 15 septembre 2025 19h34","modified":"Mise \u00e0 jour le 14 octobre 2025 11h02"},"featured_img_caption":"","featured_img":"https:\/\/groupeevie.com\/wp-content\/uploads\/2025\/09\/GroupeEvie_Image_EnViedagir-11.png","series_order":"","ticketed":false,"_links":{"self":[{"href":"https:\/\/groupeevie.com\/fr-fr\/wp-json\/wp\/v2\/pages\/6077","targetHints":{"allow":["GET"]}}],"collection":[{"href":"https:\/\/groupeevie.com\/fr-fr\/wp-json\/wp\/v2\/pages"}],"about":[{"href":"https:\/\/groupeevie.com\/fr-fr\/wp-json\/wp\/v2\/types\/page"}],"author":[{"embeddable":true,"href":"https:\/\/groupeevie.com\/fr-fr\/wp-json\/wp\/v2\/users\/1"}],"replies":[{"embeddable":true,"href":"https:\/\/groupeevie.com\/fr-fr\/wp-json\/wp\/v2\/comments?post=6077"}],"version-history":[{"count":2,"href":"https:\/\/groupeevie.com\/fr-fr\/wp-json\/wp\/v2\/pages\/6077\/revisions"}],"predecessor-version":[{"id":6095,"href":"https:\/\/groupeevie.com\/fr-fr\/wp-json\/wp\/v2\/pages\/6077\/revisions\/6095"}],"up":[{"embeddable":true,"href":"https:\/\/groupeevie.com\/fr-fr\/wp-json\/wp\/v2\/pages\/6074"}],"wp:featuredmedia":[{"embeddable":true,"href":"https:\/\/groupeevie.com\/fr-fr\/wp-json\/wp\/v2\/media\/5956"}],"wp:attachment":[{"href":"https:\/\/groupeevie.com\/fr-fr\/wp-json\/wp\/v2\/media?parent=6077"}],"curies":[{"name":"wp","href":"https:\/\/api.w.org\/{rel}","templated":true}]}}