{"id":5727,"date":"2025-05-29T14:49:43","date_gmt":"2025-05-29T18:49:43","guid":{"rendered":"https:\/\/groupeevie.com\/?post_type=tribe_events&#038;p=5727"},"modified":"2025-05-29T15:33:18","modified_gmt":"2025-05-29T19:33:18","slug":"soutien-a-lapprentissage-a25-groupe-1","status":"publish","type":"tribe_events","link":"https:\/\/groupeevie.com\/fr-fr\/event\/soutien-a-lapprentissage-a25-groupe-1\/","title":{"rendered":"Soutien \u00e0 l&rsquo;apprentissage &#8211; A25 &#8211; Groupe 1"},"content":{"rendered":"<h4>Rencontre 1 :<\/h4>\n<p><span data-teams=\"true\">Mardi 7 octobre 2025<\/span><br \/>\nHeure : 13h30 \u00e0 15h30 (Heure de Paris)<\/p>\n<h4>Rencontre 2 :<\/h4>\n<p><span data-teams=\"true\">Mardi 25 novembre 2025<\/span><br \/>\nHeure : 13h30 \u00e0 15h30 (Heure de Paris)<\/p>\n<p>&nbsp;<\/p>\n<h4>Le soutien \u00e0 l\u2019apprentissage offert avec le parcours de formation comprend 4 s\u00e9ances. Celles-ci aborderont les th\u00e9matiques suivantes\u00a0:<\/h4>\n<ul>\n<li>Autod\u00e9termination<\/li>\n<li>Valoriser les capacit\u00e9s adaptatives et les leviers de l\u2019environnement<\/li>\n<\/ul>\n<p>Le soutien \u00e0 l\u2019apprentissage vise \u00e0 soutenir les apprenants dans la consolidation de leurs connaissances et comp\u00e9tences acquises \u00e0 la suite de la compl\u00e9tion du parcours de formation \u00e0 l\u2019approche d\u2019accompagnement de proximit\u00e9 d\u2019inspiration psycho\u00e9ducative.<\/p>\n<p>Accompagn\u00e9s par un formateur-expert du Groupe \u00c9vie, les apprenants s\u2019engageront dans une d\u00e9marche r\u00e9flexive afin de\u00a0:<\/p>\n<ul>\n<li>Approfondir des notions abord\u00e9es en formation;<\/li>\n<li>G\u00e9n\u00e9raliser les acquis r\u00e9alis\u00e9s en formation \u00e0 des situations r\u00e9elles de sa pratique professionnelle;<\/li>\n<li>Questionner sa pratique professionnelle, valoriser ses comp\u00e9tences et se fixer des objectifs personnels en regard du changement de posture;<\/li>\n<li>S\u2019approprier, avec plus d\u2019assurance, le changement de posture professionnelle;<\/li>\n<li>S\u2019inspirer de la pratique d\u2019autres professionnels et \u00eatre source d\u2019inspiration pour d\u2019autres professionnels.<\/li>\n<\/ul>\n<p>&nbsp;<\/p>\n<p><strong>Objectif |<\/strong> Approfondir en groupe des th\u00e9matiques li\u00e9es \u00e0 l\u2019approche d\u2019accompagnement de proximit\u00e9 d\u2019inspiration psycho\u00e9ducative<\/p>\n<p><strong>Dur\u00e9e |<\/strong> 2 s\u00e9ances de 2 heures<\/p>\n<p><strong>Modalit\u00e9 |<\/strong> En ligne en synchrone<\/p>\n<p><strong>Pr\u00e9-requis |<\/strong> Avoir compl\u00e9t\u00e9 le parcours de formation \u00e0 l\u2019approche d\u2019accompagnement de proximit\u00e9 d\u2019inspiration psycho\u00e9ducative<\/p>\n<p><strong>Formateur-expert |<\/strong> De niveau universitaire, d\u00e9tenant une solide exp\u00e9rience clinique \u00e0 l\u2019approche d\u2019accompagnement de proximit\u00e9 d\u2019inspiration psycho\u00e9ducative<\/p>\n","protected":false},"excerpt":{"rendered":"<p>Rencontre 1 : Mardi 7 octobre 2025 Heure : 13h30 \u00e0 15h30 (Heure de Paris) Rencontre 2 : Mardi 25 novembre 2025 Heure : 13h30 \u00e0 15h30 (Heure de Paris) [&hellip;]<\/p>\n","protected":false},"author":5,"featured_media":0,"template":"","meta":{"_acf_changed":false,"inline_featured_image":false,"advgb_blocks_editor_width":"","advgb_blocks_columns_visual_guide":"","_price":"","_stock":"","_tribe_ticket_header":"","_tribe_default_ticket_provider":"","_tribe_ticket_capacity":"","_ticket_start_date":"","_ticket_end_date":"","_tribe_ticket_show_description":"","_tribe_ticket_show_not_going":false,"_tribe_ticket_use_global_stock":"","_tribe_ticket_global_stock_level":"","_global_stock_mode":"","_global_stock_cap":"","_tribe_rsvp_for_event":"","_tribe_ticket_going_count":"","_tribe_ticket_not_going_count":"","_tribe_tickets_list":"[]","_tribe_ticket_has_attendee_info_fields":false,"_tribe_events_status":"","_tribe_events_status_reason":"","_tribe_events_is_hybrid":"","_tribe_events_is_virtual":"","_tribe_events_virtual_video_source":"","_tribe_events_virtual_embed_video":"","_tribe_events_virtual_linked_button_text":"","_tribe_events_virtual_linked_button":"","_tribe_events_virtual_show_embed_at":"","_tribe_events_virtual_show_embed_to":[],"_tribe_events_virtual_show_on_event":"","_tribe_events_virtual_show_on_views":"","_tribe_events_virtual_url":"","footnotes":"","_tec_slr_enabled":"","_tec_slr_layout":""},"tags":[],"tribe_events_cat":[159],"class_list":["post-5727","tribe_events","type-tribe_events","status-publish","hentry","tribe_events_cat-a25","cat_a25"],"acf":[],"yoast_head":"<!-- This site is optimized with the Yoast SEO plugin v27.2 - https:\/\/yoast.com\/product\/yoast-seo-wordpress\/ -->\n<title>Soutien \u00e0 l&#039;apprentissage - A25 - Groupe 1 - Groupe \u00c9vie<\/title>\n<meta name=\"robots\" content=\"index, follow, max-snippet:-1, max-image-preview:large, max-video-preview:-1\" \/>\n<link rel=\"canonical\" href=\"https:\/\/groupeevie.com\/fr-fr\/event\/soutien-a-lapprentissage-a25-groupe-1\/\" \/>\n<meta property=\"og:locale\" content=\"fr_FR\" \/>\n<meta property=\"og:type\" content=\"article\" \/>\n<meta property=\"og:title\" content=\"Soutien \u00e0 l&#039;apprentissage - A25 - Groupe 1 - Groupe \u00c9vie\" \/>\n<meta property=\"og:description\" content=\"Rencontre 1 : Mardi 7 octobre 2025 Heure : 13h30 \u00e0 15h30 (Heure de Paris) Rencontre 2 : Mardi 25 novembre 2025 Heure : 13h30 \u00e0 15h30 (Heure de Paris) [&hellip;]\" \/>\n<meta property=\"og:url\" content=\"https:\/\/groupeevie.com\/fr-fr\/event\/soutien-a-lapprentissage-a25-groupe-1\/\" \/>\n<meta property=\"og:site_name\" content=\"Groupe \u00c9vie\" \/>\n<meta property=\"article:modified_time\" content=\"2025-05-29T19:33:18+00:00\" \/>\n<meta name=\"twitter:card\" content=\"summary_large_image\" \/>\n<meta name=\"twitter:label1\" content=\"Dur\u00e9e de lecture estim\u00e9e\" \/>\n\t<meta name=\"twitter:data1\" content=\"2 minutes\" \/>\n<script type=\"application\/ld+json\" class=\"yoast-schema-graph\">{\"@context\":\"https:\/\/schema.org\",\"@graph\":[{\"@type\":\"WebPage\",\"@id\":\"https:\/\/groupeevie.com\/fr-fr\/event\/soutien-a-lapprentissage-a25-groupe-1\/\",\"url\":\"https:\/\/groupeevie.com\/fr-fr\/event\/soutien-a-lapprentissage-a25-groupe-1\/\",\"name\":\"Soutien \u00e0 l'apprentissage - A25 - Groupe 1 - Groupe \u00c9vie\",\"isPartOf\":{\"@id\":\"https:\/\/groupeevie.com\/fr-fr\/#website\"},\"datePublished\":\"2025-05-29T18:49:43+00:00\",\"dateModified\":\"2025-05-29T19:33:18+00:00\",\"breadcrumb\":{\"@id\":\"https:\/\/groupeevie.com\/fr-fr\/event\/soutien-a-lapprentissage-a25-groupe-1\/#breadcrumb\"},\"inLanguage\":\"fr-FR\",\"potentialAction\":[{\"@type\":\"ReadAction\",\"target\":[\"https:\/\/groupeevie.com\/fr-fr\/event\/soutien-a-lapprentissage-a25-groupe-1\/\"]}]},{\"@type\":\"BreadcrumbList\",\"@id\":\"https:\/\/groupeevie.com\/fr-fr\/event\/soutien-a-lapprentissage-a25-groupe-1\/#breadcrumb\",\"itemListElement\":[{\"@type\":\"ListItem\",\"position\":1,\"name\":\"\u00c9v\u00e8nements\",\"item\":\"https:\/\/groupeevie.com\/fr-fr\/events\/\"},{\"@type\":\"ListItem\",\"position\":2,\"name\":\"Soutien \u00e0 l&#8217;apprentissage &#8211; A25 &#8211; Groupe 1\"}]},{\"@type\":\"WebSite\",\"@id\":\"https:\/\/groupeevie.com\/fr-fr\/#website\",\"url\":\"https:\/\/groupeevie.com\/fr-fr\/\",\"name\":\"Groupe \u00c9vie\",\"description\":\"Au coeur de la sant\u00e9 mentale\",\"publisher\":{\"@id\":\"https:\/\/groupeevie.com\/fr-fr\/#organization\"},\"potentialAction\":[{\"@type\":\"SearchAction\",\"target\":{\"@type\":\"EntryPoint\",\"urlTemplate\":\"https:\/\/groupeevie.com\/fr-fr\/?s={search_term_string}\"},\"query-input\":{\"@type\":\"PropertyValueSpecification\",\"valueRequired\":true,\"valueName\":\"search_term_string\"}}],\"inLanguage\":\"fr-FR\"},{\"@type\":\"Organization\",\"@id\":\"https:\/\/groupeevie.com\/fr-fr\/#organization\",\"name\":\"Groupe \u00c9vie\",\"url\":\"https:\/\/groupeevie.com\/fr-fr\/\",\"logo\":{\"@type\":\"ImageObject\",\"inLanguage\":\"fr-FR\",\"@id\":\"https:\/\/groupeevie.com\/fr-fr\/#\/schema\/logo\/image\/\",\"url\":\"https:\/\/groupeevie.com\/wp-content\/uploads\/2022\/05\/EVIE-logo_rvb-2.png\",\"contentUrl\":\"https:\/\/groupeevie.com\/wp-content\/uploads\/2022\/05\/EVIE-logo_rvb-2.png\",\"width\":1414,\"height\":611,\"caption\":\"Groupe \u00c9vie\"},\"image\":{\"@id\":\"https:\/\/groupeevie.com\/fr-fr\/#\/schema\/logo\/image\/\"}}]}<\/script>\n<!-- \/ Yoast SEO plugin. -->","yoast_head_json":{"title":"Soutien \u00e0 l'apprentissage - A25 - Groupe 1 - Groupe \u00c9vie","robots":{"index":"index","follow":"follow","max-snippet":"max-snippet:-1","max-image-preview":"max-image-preview:large","max-video-preview":"max-video-preview:-1"},"canonical":"https:\/\/groupeevie.com\/fr-fr\/event\/soutien-a-lapprentissage-a25-groupe-1\/","og_locale":"fr_FR","og_type":"article","og_title":"Soutien \u00e0 l'apprentissage - A25 - Groupe 1 - Groupe \u00c9vie","og_description":"Rencontre 1 : Mardi 7 octobre 2025 Heure : 13h30 \u00e0 15h30 (Heure de Paris) Rencontre 2 : Mardi 25 novembre 2025 Heure : 13h30 \u00e0 15h30 (Heure de Paris) [&hellip;]","og_url":"https:\/\/groupeevie.com\/fr-fr\/event\/soutien-a-lapprentissage-a25-groupe-1\/","og_site_name":"Groupe \u00c9vie","article_modified_time":"2025-05-29T19:33:18+00:00","twitter_card":"summary_large_image","twitter_misc":{"Dur\u00e9e de lecture estim\u00e9e":"2 minutes"},"schema":{"@context":"https:\/\/schema.org","@graph":[{"@type":"WebPage","@id":"https:\/\/groupeevie.com\/fr-fr\/event\/soutien-a-lapprentissage-a25-groupe-1\/","url":"https:\/\/groupeevie.com\/fr-fr\/event\/soutien-a-lapprentissage-a25-groupe-1\/","name":"Soutien \u00e0 l'apprentissage - A25 - Groupe 1 - Groupe \u00c9vie","isPartOf":{"@id":"https:\/\/groupeevie.com\/fr-fr\/#website"},"datePublished":"2025-05-29T18:49:43+00:00","dateModified":"2025-05-29T19:33:18+00:00","breadcrumb":{"@id":"https:\/\/groupeevie.com\/fr-fr\/event\/soutien-a-lapprentissage-a25-groupe-1\/#breadcrumb"},"inLanguage":"fr-FR","potentialAction":[{"@type":"ReadAction","target":["https:\/\/groupeevie.com\/fr-fr\/event\/soutien-a-lapprentissage-a25-groupe-1\/"]}]},{"@type":"BreadcrumbList","@id":"https:\/\/groupeevie.com\/fr-fr\/event\/soutien-a-lapprentissage-a25-groupe-1\/#breadcrumb","itemListElement":[{"@type":"ListItem","position":1,"name":"\u00c9v\u00e8nements","item":"https:\/\/groupeevie.com\/fr-fr\/events\/"},{"@type":"ListItem","position":2,"name":"Soutien \u00e0 l&#8217;apprentissage &#8211; A25 &#8211; Groupe 1"}]},{"@type":"WebSite","@id":"https:\/\/groupeevie.com\/fr-fr\/#website","url":"https:\/\/groupeevie.com\/fr-fr\/","name":"Groupe \u00c9vie","description":"Au coeur de la sant\u00e9 mentale","publisher":{"@id":"https:\/\/groupeevie.com\/fr-fr\/#organization"},"potentialAction":[{"@type":"SearchAction","target":{"@type":"EntryPoint","urlTemplate":"https:\/\/groupeevie.com\/fr-fr\/?s={search_term_string}"},"query-input":{"@type":"PropertyValueSpecification","valueRequired":true,"valueName":"search_term_string"}}],"inLanguage":"fr-FR"},{"@type":"Organization","@id":"https:\/\/groupeevie.com\/fr-fr\/#organization","name":"Groupe \u00c9vie","url":"https:\/\/groupeevie.com\/fr-fr\/","logo":{"@type":"ImageObject","inLanguage":"fr-FR","@id":"https:\/\/groupeevie.com\/fr-fr\/#\/schema\/logo\/image\/","url":"https:\/\/groupeevie.com\/wp-content\/uploads\/2022\/05\/EVIE-logo_rvb-2.png","contentUrl":"https:\/\/groupeevie.com\/wp-content\/uploads\/2022\/05\/EVIE-logo_rvb-2.png","width":1414,"height":611,"caption":"Groupe \u00c9vie"},"image":{"@id":"https:\/\/groupeevie.com\/fr-fr\/#\/schema\/logo\/image\/"}}]}},"featured_img":false,"coauthors":[],"author_meta":{"author_link":"https:\/\/groupeevie.com\/fr-fr\/espace-evie\/author\/guillaume-larochegroupeevie-com\/","display_name":"Guillaume Laroche"},"relative_dates":{"created":"Publi\u00e9 11 mois il y a","modified":"Mis \u00e0 jour 11 mois il y a"},"absolute_dates":{"created":"Publi\u00e9 le 29 mai 2025","modified":"Mise \u00e0 jour le 29 mai 2025"},"absolute_dates_time":{"created":"Publi\u00e9 le 29 mai 2025 14h49","modified":"Mise \u00e0 jour le 29 mai 2025 15h33"},"featured_img_caption":"","tax_additional":{"post_tag":{"linked":[],"unlinked":[],"slug":"post_tag","name":"\u00c9tiquettes"},"tribe_events_cat":{"linked":["<a href=\"https:\/\/groupeevie.com\/fr-fr\/events\/category\/a25\/\" class=\"advgb-post-tax-term\">A25<\/a>"],"unlinked":["<span class=\"advgb-post-tax-term\">A25<\/span>"],"slug":"tribe_events_cat","name":"Cat\u00e9gories d\u2019\u00c9v\u00e8nement"}},"series_order":"","ticketed":["rsvp"],"_links":{"self":[{"href":"https:\/\/groupeevie.com\/fr-fr\/wp-json\/wp\/v2\/tribe_events\/5727","targetHints":{"allow":["GET"]}}],"collection":[{"href":"https:\/\/groupeevie.com\/fr-fr\/wp-json\/wp\/v2\/tribe_events"}],"about":[{"href":"https:\/\/groupeevie.com\/fr-fr\/wp-json\/wp\/v2\/types\/tribe_events"}],"author":[{"embeddable":true,"href":"https:\/\/groupeevie.com\/fr-fr\/wp-json\/wp\/v2\/users\/5"}],"version-history":[{"count":5,"href":"https:\/\/groupeevie.com\/fr-fr\/wp-json\/wp\/v2\/tribe_events\/5727\/revisions"}],"predecessor-version":[{"id":5748,"href":"https:\/\/groupeevie.com\/fr-fr\/wp-json\/wp\/v2\/tribe_events\/5727\/revisions\/5748"}],"wp:attachment":[{"href":"https:\/\/groupeevie.com\/fr-fr\/wp-json\/wp\/v2\/media?parent=5727"}],"wp:term":[{"taxonomy":"post_tag","embeddable":true,"href":"https:\/\/groupeevie.com\/fr-fr\/wp-json\/wp\/v2\/tags?post=5727"},{"taxonomy":"tribe_events_cat","embeddable":true,"href":"https:\/\/groupeevie.com\/fr-fr\/wp-json\/wp\/v2\/tribe_events_cat?post=5727"}],"curies":[{"name":"wp","href":"https:\/\/api.w.org\/{rel}","templated":true}]}}